{"id":52,"date":"2023-07-28T15:15:58","date_gmt":"2023-07-28T15:15:58","guid":{"rendered":"https:\/\/menteyfuturo.cl\/index.php\/about\/"},"modified":"2023-08-25T18:03:07","modified_gmt":"2023-08-25T18:03:07","slug":"quienes-somos","status":"publish","type":"page","link":"https:\/\/menteyfuturo.cl\/index.php\/quienes-somos\/","title":{"rendered":"Quienes Somos"},"content":{"rendered":"\t\t<div data-elementor-type=\"wp-page\" data-elementor-id=\"52\" class=\"elementor elementor-52\" data-elementor-post-type=\"page\">\n\t\t\t\t\t\t<section class=\"elementor-section elementor-top-section elementor-element elementor-element-66dbb962 elementor-section-full_width elementor-section-height-min-height elementor-section-content-middle elementor-section-height-default elementor-section-items-middle\" data-id=\"66dbb962\" data-element_type=\"section\" data-settings=\"{&quot;background_background&quot;:&quot;classic&quot;}\">\n\t\t\t\t\t\t<div class=\"elementor-container elementor-column-gap-no\">\n\t\t\t\t\t<div class=\"elementor-column elementor-col-100 elementor-top-column elementor-element elementor-element-3ddc1324\" data-id=\"3ddc1324\" data-element_type=\"column\">\n\t\t\t<div class=\"elementor-widget-wrap\">\n\t\t\t\t\t\t\t<\/div>\n\t\t<\/div>\n\t\t\t\t\t<\/div>\n\t\t<\/section>\n\t\t\t\t<section class=\"elementor-section elementor-top-section elementor-element elementor-element-b1f41c5 elementor-section-boxed elementor-section-height-default elementor-section-height-default\" data-id=\"b1f41c5\" data-element_type=\"section\">\n\t\t\t\t\t\t<div class=\"elementor-container elementor-column-gap-default\">\n\t\t\t\t\t<div class=\"elementor-column elementor-col-50 elementor-top-column elementor-element elementor-element-e926800\" data-id=\"e926800\" data-element_type=\"column\">\n\t\t\t<div class=\"elementor-widget-wrap elementor-element-populated\">\n\t\t\t\t\t\t<div class=\"elementor-element elementor-element-16317b3 elementor-widget elementor-widget-heading\" data-id=\"16317b3\" data-element_type=\"widget\" data-widget_type=\"heading.default\">\n\t\t\t\t<div class=\"elementor-widget-container\">\n\t\t\t\t\t<h2 class=\"elementor-heading-title elementor-size-default\">VISI\u00d3N<\/h2>\t\t\t\t<\/div>\n\t\t\t\t<\/div>\n\t\t\t\t<div class=\"elementor-element elementor-element-9b95c15 elementor-widget elementor-widget-text-editor\" data-id=\"9b95c15\" data-element_type=\"widget\" data-widget_type=\"text-editor.default\">\n\t\t\t\t<div class=\"elementor-widget-container\">\n\t\t\t\t\t\t\t\t\t<p>Contribuir de forma transversal con nuestros socios, fomentando la justicia social desde el \u00e1mbito de la alfabetizaci\u00f3n en las distintas \u00e1reas, permitiendo que nuestros clientes enfrenten el mundo y sus cambios con mayor fortaleza, convicci\u00f3n y claridad a base de habilidades y conocimientos, entregando seguridad y soluci\u00f3n.<\/p>\t\t\t\t\t\t\t\t<\/div>\n\t\t\t\t<\/div>\n\t\t\t\t\t<\/div>\n\t\t<\/div>\n\t\t\t\t<div class=\"elementor-column elementor-col-50 elementor-top-column elementor-element elementor-element-a2bbc9f\" data-id=\"a2bbc9f\" data-element_type=\"column\">\n\t\t\t<div class=\"elementor-widget-wrap elementor-element-populated\">\n\t\t\t\t\t\t<div class=\"elementor-element elementor-element-621b501 elementor-widget elementor-widget-heading\" data-id=\"621b501\" data-element_type=\"widget\" data-widget_type=\"heading.default\">\n\t\t\t\t<div class=\"elementor-widget-container\">\n\t\t\t\t\t<h2 class=\"elementor-heading-title elementor-size-default\">MISI\u00d3N<\/h2>\t\t\t\t<\/div>\n\t\t\t\t<\/div>\n\t\t\t\t<div class=\"elementor-element elementor-element-8916b6f elementor-widget elementor-widget-text-editor\" data-id=\"8916b6f\" data-element_type=\"widget\" data-widget_type=\"text-editor.default\">\n\t\t\t\t<div class=\"elementor-widget-container\">\n\t\t\t\t\t\t\t\t\t<p><span style=\"font-family: var( --e-global-typography-text-font-family ), Sans-serif; font-size: var( --e-global-typography-text-font-size ); font-style: var( --e-global-typography-text-font-style ); font-weight: var( --e-global-typography-text-font-weight ); text-transform: var( --e-global-typography-text-text-transform ); background-color: var( --e-global-color-c15569b );\">Empresa proactiva que surge a partir de las necesidades sociales y exigencias de la modernizaci\u00f3n del conocimiento en distintas \u00e1reas que involucran el desarrollo humano. La entrega de herramientas y el desarrollo de habilidades sociales es lo que nos motiva a trabajar para cubrir las necesidades de los distintos sectores.<\/span><br><\/p>\t\t\t\t\t\t\t\t<\/div>\n\t\t\t\t<\/div>\n\t\t\t\t\t<\/div>\n\t\t<\/div>\n\t\t\t\t\t<\/div>\n\t\t<\/section>\n\t\t\t\t<section class=\"elementor-section elementor-top-section elementor-element elementor-element-c9e9e8e elementor-hidden-tablet elementor-hidden-mobile elementor-section-boxed elementor-section-height-default elementor-section-height-default\" data-id=\"c9e9e8e\" data-element_type=\"section\">\n\t\t\t\t\t\t<div class=\"elementor-container elementor-column-gap-default\">\n\t\t\t\t\t<div class=\"elementor-column elementor-col-100 elementor-top-column elementor-element elementor-element-1cf823b\" data-id=\"1cf823b\" data-element_type=\"column\">\n\t\t\t<div class=\"elementor-widget-wrap elementor-element-populated\">\n\t\t\t\t\t\t<div class=\"elementor-element elementor-element-30005ca elementor-widget elementor-widget-text-editor\" data-id=\"30005ca\" data-element_type=\"widget\" data-widget_type=\"text-editor.default\">\n\t\t\t\t<div class=\"elementor-widget-container\">\n\t\t\t\t\t\t\t\t\t<p>Historia y Formaci\u00f3n de la fundadora, Karen Araya Acosta<\/p>\t\t\t\t\t\t\t\t<\/div>\n\t\t\t\t<\/div>\n\t\t\t\t\t<\/div>\n\t\t<\/div>\n\t\t\t\t\t<\/div>\n\t\t<\/section>\n\t\t\t\t<section class=\"elementor-section elementor-top-section elementor-element elementor-element-0eeb336 elementor-hidden-desktop elementor-section-boxed elementor-section-height-default elementor-section-height-default\" data-id=\"0eeb336\" data-element_type=\"section\">\n\t\t\t\t\t\t<div class=\"elementor-container elementor-column-gap-default\">\n\t\t\t\t\t<div class=\"elementor-column elementor-col-100 elementor-top-column elementor-element elementor-element-29e5efe\" data-id=\"29e5efe\" data-element_type=\"column\">\n\t\t\t<div class=\"elementor-widget-wrap elementor-element-populated\">\n\t\t\t\t\t\t<div class=\"elementor-element elementor-element-bb2d8b3 elementor-widget elementor-widget-text-editor\" data-id=\"bb2d8b3\" data-element_type=\"widget\" data-widget_type=\"text-editor.default\">\n\t\t\t\t<div class=\"elementor-widget-container\">\n\t\t\t\t\t\t\t\t\t<p>Historia y Formaci\u00f3n de la fundadora, Karen Araya Acosta<\/p>\t\t\t\t\t\t\t\t<\/div>\n\t\t\t\t<\/div>\n\t\t\t\t\t<\/div>\n\t\t<\/div>\n\t\t\t\t\t<\/div>\n\t\t<\/section>\n\t\t\t\t<section class=\"elementor-section elementor-top-section elementor-element elementor-element-57fff66 elementor-section-boxed elementor-section-height-default elementor-section-height-default\" data-id=\"57fff66\" data-element_type=\"section\">\n\t\t\t\t\t\t<div class=\"elementor-container elementor-column-gap-default\">\n\t\t\t\t\t<div class=\"elementor-column elementor-col-100 elementor-top-column elementor-element elementor-element-e208f8f\" data-id=\"e208f8f\" data-element_type=\"column\">\n\t\t\t<div class=\"elementor-widget-wrap elementor-element-populated\">\n\t\t\t\t\t\t<div class=\"elementor-element elementor-element-32bba92 elementor-hidden-desktop elementor-widget elementor-widget-image\" data-id=\"32bba92\" data-element_type=\"widget\" data-widget_type=\"image.default\">\n\t\t\t\t<div class=\"elementor-widget-container\">\n\t\t\t\t\t\t\t\t\t\t\t\t\t\t\t<img fetchpriority=\"high\" decoding=\"async\" width=\"478\" height=\"396\" src=\"https:\/\/menteyfuturo.cl\/wp-content\/uploads\/2023\/08\/karen2sm.jpg\" class=\"attachment-large size-large wp-image-480\" alt=\"\" srcset=\"https:\/\/menteyfuturo.cl\/wp-content\/uploads\/2023\/08\/karen2sm.jpg 478w, https:\/\/menteyfuturo.cl\/wp-content\/uploads\/2023\/08\/karen2sm-300x249.jpg 300w\" sizes=\"(max-width: 478px) 100vw, 478px\" \/>\t\t\t\t\t\t\t\t\t\t\t\t\t\t\t<\/div>\n\t\t\t\t<\/div>\n\t\t\t\t\t<\/div>\n\t\t<\/div>\n\t\t\t\t\t<\/div>\n\t\t<\/section>\n\t\t\t\t<section class=\"elementor-section elementor-top-section elementor-element elementor-element-7ee1f49 elementor-hidden-desktop elementor-section-boxed elementor-section-height-default elementor-section-height-default\" data-id=\"7ee1f49\" data-element_type=\"section\">\n\t\t\t\t\t\t<div class=\"elementor-container elementor-column-gap-default\">\n\t\t\t\t\t<div class=\"elementor-column elementor-col-100 elementor-top-column elementor-element elementor-element-c04ec0c\" data-id=\"c04ec0c\" data-element_type=\"column\">\n\t\t\t<div class=\"elementor-widget-wrap elementor-element-populated\">\n\t\t\t\t\t\t<div class=\"elementor-element elementor-element-bc85bc6 elementor-widget elementor-widget-text-editor\" data-id=\"bc85bc6\" data-element_type=\"widget\" data-widget_type=\"text-editor.default\">\n\t\t\t\t<div class=\"elementor-widget-container\">\n\t\t\t\t\t\t\t\t\t<p>Profesora de Biolog\u00eda y Qu\u00edmica con Licenciatura en Educaci\u00f3n de la Universidad Arturo Prat, Iquique. Comenz\u00f3 su carrera en el \u00e1rea de la Docencia Universitaria, con carrera del \u00e1rea deportiva, salud y humanidades. Posteriormente se incorpora al \u00e1rea educacional de ense\u00f1anza B\u00e1sica y Media, ejecutando labores de profesora aula, Jefatura de curso, Jefatura del Depto de ciencias y Encargada de Convivencia Escolar. Entre los a\u00f1os 2012 y 2018 estudi\u00f3 Diplomados en el \u00e1rea de evaluaci\u00f3n de los aprendizajes, Dise\u00f1o curricular, Evaluaci\u00f3n y Gesti\u00f3n educacional, todos impartidos por la Universidad Andr\u00e9s Bello. Tambi\u00e9n sum\u00f3 a sus estudios un Post\u00edtulo en Administraci\u00f3n Educacional en la Universidad Cat\u00f3lica del norte, el cual, le ha ayudado a llevar a cabo su trabajo de gesti\u00f3n con Docentes en diferentes \u00e1reas. En el 2020 finaliza su Magister en Desarrollo Curricular y Proyectos Educativos, de la Universidad Andr\u00e9s Bello. <br \/>Form\u00f3 parte del comit\u00e9 creador de la carrera Pedagog\u00eda para profesionales, el cual se imparte actualmente por la Universidad Antofagasta. <br \/>Es escritora de \u201cTormenta, lluvia y arco\u00edris\u201d (2017), \u201cBoomerang\u201d (2019), \u201cCuando la Raz\u00f3n hace la fuerza\u201d (2020) y \u201cUna escuela llamada vida\u201d (2021). Su pasi\u00f3n por la comunicaci\u00f3n a trav\u00e9s de la lectura la ha llevado a escribir columnas de opini\u00f3n con el objetivo de informar a la comunidad respecto a temas actuales de educaci\u00f3n. <br \/>Se especializ\u00f3 con un M\u00e1ster en Neuropsicolog\u00eda en el \u00e1mbito educativo, impartido por CEUPE y Universidad Cat\u00f3lica de Murcia en Madrid, Espa\u00f1a. <br \/>Actualmente estudia y se prepara para certificarse como Coach Profesional a trav\u00e9s del programa que dicta la Universidad Andr\u00e9s Bello en conjunto con Centro NextLevel<\/p>\t\t\t\t\t\t\t\t<\/div>\n\t\t\t\t<\/div>\n\t\t\t\t\t<\/div>\n\t\t<\/div>\n\t\t\t\t\t<\/div>\n\t\t<\/section>\n\t\t\t\t<section class=\"elementor-section elementor-top-section elementor-element elementor-element-79d06a2 elementor-section-boxed elementor-section-height-default elementor-section-height-default\" data-id=\"79d06a2\" data-element_type=\"section\">\n\t\t\t\t\t\t<div class=\"elementor-container elementor-column-gap-default\">\n\t\t\t\t\t<div class=\"elementor-column elementor-col-50 elementor-top-column elementor-element elementor-element-961490e\" data-id=\"961490e\" data-element_type=\"column\">\n\t\t\t<div class=\"elementor-widget-wrap elementor-element-populated\">\n\t\t\t\t\t\t<div class=\"elementor-element elementor-element-6b051ed elementor-hidden-tablet elementor-hidden-mobile elementor-widget elementor-widget-image\" data-id=\"6b051ed\" data-element_type=\"widget\" data-widget_type=\"image.default\">\n\t\t\t\t<div class=\"elementor-widget-container\">\n\t\t\t\t\t\t\t\t\t\t\t\t\t\t\t<img decoding=\"async\" width=\"478\" height=\"792\" src=\"https:\/\/menteyfuturo.cl\/wp-content\/uploads\/2023\/08\/karen2.jpg\" class=\"attachment-large size-large wp-image-476\" alt=\"\" srcset=\"https:\/\/menteyfuturo.cl\/wp-content\/uploads\/2023\/08\/karen2.jpg 478w, https:\/\/menteyfuturo.cl\/wp-content\/uploads\/2023\/08\/karen2-181x300.jpg 181w\" sizes=\"(max-width: 478px) 100vw, 478px\" \/>\t\t\t\t\t\t\t\t\t\t\t\t\t\t\t<\/div>\n\t\t\t\t<\/div>\n\t\t\t\t\t<\/div>\n\t\t<\/div>\n\t\t\t\t<div class=\"elementor-column elementor-col-50 elementor-top-column elementor-element elementor-element-eff1140\" data-id=\"eff1140\" data-element_type=\"column\">\n\t\t\t<div class=\"elementor-widget-wrap elementor-element-populated\">\n\t\t\t\t\t\t<div class=\"elementor-element elementor-element-db2b33b elementor-hidden-tablet elementor-hidden-mobile elementor-widget elementor-widget-text-editor\" data-id=\"db2b33b\" data-element_type=\"widget\" data-widget_type=\"text-editor.default\">\n\t\t\t\t<div class=\"elementor-widget-container\">\n\t\t\t\t\t\t\t\t\t<p>Profesora de Biolog\u00eda y Qu\u00edmica con Licenciatura en Educaci\u00f3n de la Universidad Arturo Prat, Iquique. Comenz\u00f3 su carrera en el \u00e1rea de la Docencia Universitaria, con carrera del \u00e1rea deportiva, salud y humanidades. Posteriormente se incorpora al \u00e1rea educacional de ense\u00f1anza B\u00e1sica y Media, ejecutando labores de profesora aula, Jefatura de curso, Jefatura del Depto de ciencias y Encargada de Convivencia Escolar. Entre los a\u00f1os 2012 y 2018 estudi\u00f3 Diplomados en el \u00e1rea de evaluaci\u00f3n de los aprendizajes, Dise\u00f1o curricular, Evaluaci\u00f3n y Gesti\u00f3n educacional, todos impartidos por la Universidad Andr\u00e9s Bello. Tambi\u00e9n sum\u00f3 a sus estudios un Post\u00edtulo en Administraci\u00f3n Educacional en la Universidad Cat\u00f3lica del norte, el cual, le ha ayudado a llevar a cabo su trabajo de gesti\u00f3n con Docentes en diferentes \u00e1reas. En el 2020 finaliza su Magister en Desarrollo Curricular y Proyectos Educativos, de la Universidad Andr\u00e9s Bello. <br \/>Form\u00f3 parte del comit\u00e9 creador de la carrera Pedagog\u00eda para profesionales, el cual se imparte actualmente por la Universidad Antofagasta. <br \/>Es escritora de \u201cTormenta, lluvia y arco\u00edris\u201d (2017), \u201cBoomerang\u201d (2019), \u201cCuando la Raz\u00f3n hace la fuerza\u201d (2020) y \u201cUna escuela llamada vida\u201d (2021). Su pasi\u00f3n por la comunicaci\u00f3n a trav\u00e9s de la lectura la ha llevado a escribir columnas de opini\u00f3n con el objetivo de informar a la comunidad respecto a temas actuales de educaci\u00f3n. <br \/>Se especializ\u00f3 con un M\u00e1ster en Neuropsicolog\u00eda en el \u00e1mbito educativo, impartido por CEUPE y Universidad Cat\u00f3lica de Murcia en Madrid, Espa\u00f1a. <br \/>Actualmente estudia y se prepara para certificarse como Coach Profesional a trav\u00e9s del programa que dicta la Universidad Andr\u00e9s Bello en conjunto con Centro NextLevel<\/p>\t\t\t\t\t\t\t\t<\/div>\n\t\t\t\t<\/div>\n\t\t\t\t\t<\/div>\n\t\t<\/div>\n\t\t\t\t\t<\/div>\n\t\t<\/section>\n\t\t\t\t<\/div>\n\t\t","protected":false},"excerpt":{"rendered":"<p>VISI\u00d3N Contribuir de forma transversal con nuestros socios, fomentando la justicia social desde el \u00e1mbito de la alfabetizaci\u00f3n en las distintas \u00e1reas, permitiendo que nuestros clientes enfrenten el mundo y sus cambios con mayor fortaleza, convicci\u00f3n y claridad a base de habilidades y conocimientos, entregando seguridad y soluci\u00f3n. MISI\u00d3N Empresa proactiva que surge a partir [&hellip;]<\/p>\n","protected":false},"author":1,"featured_media":0,"parent":0,"menu_order":0,"comment_status":"closed","ping_status":"closed","template":"elementor_header_footer","meta":{"footnotes":""},"class_list":["post-52","page","type-page","status-publish","hentry"],"_links":{"self":[{"href":"https:\/\/menteyfuturo.cl\/index.php\/wp-json\/wp\/v2\/pages\/52","targetHints":{"allow":["GET"]}}],"collection":[{"href":"https:\/\/menteyfuturo.cl\/index.php\/wp-json\/wp\/v2\/pages"}],"about":[{"href":"https:\/\/menteyfuturo.cl\/index.php\/wp-json\/wp\/v2\/types\/page"}],"author":[{"embeddable":true,"href":"https:\/\/menteyfuturo.cl\/index.php\/wp-json\/wp\/v2\/users\/1"}],"replies":[{"embeddable":true,"href":"https:\/\/menteyfuturo.cl\/index.php\/wp-json\/wp\/v2\/comments?post=52"}],"version-history":[{"count":122,"href":"https:\/\/menteyfuturo.cl\/index.php\/wp-json\/wp\/v2\/pages\/52\/revisions"}],"predecessor-version":[{"id":559,"href":"https:\/\/menteyfuturo.cl\/index.php\/wp-json\/wp\/v2\/pages\/52\/revisions\/559"}],"wp:attachment":[{"href":"https:\/\/menteyfuturo.cl\/index.php\/wp-json\/wp\/v2\/media?parent=52"}],"curies":[{"name":"wp","href":"https:\/\/api.w.org\/{rel}","templated":true}]}}